{"id":75473,"date":"2025-07-15T10:16:16","date_gmt":"2025-07-15T08:16:16","guid":{"rendered":"https:\/\/vueltacyl.clubciclistacadalsa.es\/?page_id=75473"},"modified":"2025-10-09T11:12:01","modified_gmt":"2025-10-09T09:12:01","slug":"home","status":"publish","type":"page","link":"https:\/\/vueltacyl.clubciclistacadalsa.es\/fr\/","title":{"rendered":"Maison"},"content":{"rendered":"<div data-elementor-type=\"wp-page\" data-elementor-id=\"75473\" class=\"elementor elementor-75473\">\n\t\t\t\t\t\t<section data-parallax-section-settings=\"{&quot;parallax_ratio&quot;:0.5,&quot;parallax&quot;:&quot;parallax&quot;}\" class=\"elementor-section elementor-top-section elementor-element elementor-element-f88b613 elementor-section-full_width elementor-section-stretched elementor-section-height-default elementor-section-height-default\" data-id=\"f88b613\" data-element_type=\"section\" data-settings=\"{&quot;stretch_section&quot;:&quot;section-stretched&quot;,&quot;background_background&quot;:&quot;classic&quot;}\">\n\t\t\t\t\t\t\t<div class=\"elementor-background-overlay\"><\/div>\n\t\t\t\t\t\t\t<div class=\"elementor-container elementor-column-gap-default\">\n\t\t\t\t\t<div class=\"full-screen elementor-column elementor-col-100 elementor-top-column elementor-element elementor-element-89d05ac\" data-fullscreen-column-settings=\"{&quot;fullscreen&quot;:&quot;yes&quot;}\" data-id=\"89d05ac\" data-element_type=\"column\">\n\t\t\t<div class=\"elementor-widget-wrap elementor-element-populated\">\n\t\t\t\t\t\t<div class=\"elementor-element elementor-element-ca4be7b elementor-widget elementor-widget-image\" data-id=\"ca4be7b\" data-element_type=\"widget\" data-widget_type=\"image.default\">\n\t\t\t\t<div class=\"elementor-widget-container\">\n\t\t\t\t\t\t\t\t\t\t\t\t\t\t\t<img fetchpriority=\"high\" decoding=\"async\" width=\"512\" height=\"512\" src=\"https:\/\/vueltacyl.clubciclistacadalsa.es\/wp-content\/uploads\/2025\/03\/cropped-cyl-favicon.png\" class=\"attachment-large size-large wp-image-4775\" alt=\"Logo Cl\u00e1sica Castilla y Le\u00f3n\" srcset=\"https:\/\/vueltacyl.clubciclistacadalsa.es\/wp-content\/uploads\/2025\/03\/cropped-cyl-favicon.png 512w, https:\/\/vueltacyl.clubciclistacadalsa.es\/wp-content\/uploads\/2025\/03\/cropped-cyl-favicon-300x300.png 300w, https:\/\/vueltacyl.clubciclistacadalsa.es\/wp-content\/uploads\/2025\/03\/cropped-cyl-favicon-150x150.png 150w, https:\/\/vueltacyl.clubciclistacadalsa.es\/wp-content\/uploads\/2025\/03\/cropped-cyl-favicon-200x200.png 200w, https:\/\/vueltacyl.clubciclistacadalsa.es\/wp-content\/uploads\/2025\/03\/cropped-cyl-favicon-100x100.png 100w, https:\/\/vueltacyl.clubciclistacadalsa.es\/wp-content\/uploads\/2025\/03\/cropped-cyl-favicon-270x270.png 270w, https:\/\/vueltacyl.clubciclistacadalsa.es\/wp-content\/uploads\/2025\/03\/cropped-cyl-favicon-192x192.png 192w, https:\/\/vueltacyl.clubciclistacadalsa.es\/wp-content\/uploads\/2025\/03\/cropped-cyl-favicon-180x180.png 180w, https:\/\/vueltacyl.clubciclistacadalsa.es\/wp-content\/uploads\/2025\/03\/cropped-cyl-favicon-32x32.png 32w\" sizes=\"(max-width: 512px) 100vw, 512px\" \/>\t\t\t\t\t\t\t\t\t\t\t\t\t\t\t<\/div>\n\t\t\t\t<\/div>\n\t\t\t\t\t<\/div>\n\t\t<\/div>\n\t\t\t\t\t<\/div>\n\t\t<\/section>\n\t\t\t\t<section class=\"elementor-section elementor-top-section elementor-element elementor-element-4444f37 elementor-section-content-middle elementor-section-boxed elementor-section-height-default elementor-section-height-default\" data-id=\"4444f37\" data-element_type=\"section\">\n\t\t\t\t\t\t<div class=\"elementor-container elementor-column-gap-default\">\n\t\t\t\t\t<div class=\"elementor-column elementor-col-33 elementor-top-column elementor-element elementor-element-41eff02\" data-fullscreen-column-settings=\"{&quot;fullscreen&quot;:&quot;&quot;}\" data-id=\"41eff02\" data-element_type=\"column\">\n\t\t\t<div class=\"elementor-widget-wrap elementor-element-populated\">\n\t\t\t\t\t\t<div class=\"elementor-element elementor-element-10ebdd1 elementor-widget elementor-widget-image\" data-id=\"10ebdd1\" data-element_type=\"widget\" data-widget_type=\"image.default\">\n\t\t\t\t<div class=\"elementor-widget-container\">\n\t\t\t\t\t\t\t\t\t\t\t\t\t\t\t<img decoding=\"async\" width=\"732\" height=\"1024\" src=\"https:\/\/vueltacyl.clubciclistacadalsa.es\/wp-content\/uploads\/2025\/07\/cartel-cyl-732x1024.jpg\" class=\"attachment-large size-large wp-image-75509\" alt=\"Revista Clasica Cyl 2025 - V3\" srcset=\"https:\/\/vueltacyl.clubciclistacadalsa.es\/wp-content\/uploads\/2025\/07\/cartel-cyl-732x1024.jpg 732w, https:\/\/vueltacyl.clubciclistacadalsa.es\/wp-content\/uploads\/2025\/07\/cartel-cyl-214x300.jpg 214w, https:\/\/vueltacyl.clubciclistacadalsa.es\/wp-content\/uploads\/2025\/07\/cartel-cyl-768x1074.jpg 768w, https:\/\/vueltacyl.clubciclistacadalsa.es\/wp-content\/uploads\/2025\/07\/cartel-cyl-200x280.jpg 200w, https:\/\/vueltacyl.clubciclistacadalsa.es\/wp-content\/uploads\/2025\/07\/cartel-cyl.jpg 1080w\" sizes=\"(max-width: 732px) 100vw, 732px\" \/>\t\t\t\t\t\t\t\t\t\t\t\t\t\t\t<\/div>\n\t\t\t\t<\/div>\n\t\t\t\t\t<\/div>\n\t\t<\/div>\n\t\t\t\t<div class=\"elementor-column elementor-col-33 elementor-top-column elementor-element elementor-element-7c52930\" data-fullscreen-column-settings=\"{&quot;fullscreen&quot;:&quot;&quot;}\" data-id=\"7c52930\" data-element_type=\"column\">\n\t\t\t<div class=\"elementor-widget-wrap\">\n\t\t\t\t\t\t\t<\/div>\n\t\t<\/div>\n\t\t\t\t<div class=\"elementor-column elementor-col-33 elementor-top-column elementor-element elementor-element-559de0f\" data-fullscreen-column-settings=\"{&quot;fullscreen&quot;:&quot;&quot;}\" data-id=\"559de0f\" data-element_type=\"column\">\n\t\t\t<div class=\"elementor-widget-wrap elementor-element-populated\">\n\t\t\t\t\t\t<div class=\"elementor-element elementor-element-6a9234f elementor-widget elementor-widget-litho-heading\" data-id=\"6a9234f\" data-element_type=\"widget\" data-widget_type=\"litho-heading.default\">\n\t\t\t\t<div class=\"elementor-widget-container\">\n\t\t\t\t\t<h2 class=\"litho-heading elementor-size-default\"><span class=\"litho-primary-title\">Cycliste classique\n<\/span><span class=\"litho-secondary-title\">Castille-et-Le\u00f3n<\/span><\/h2>\t\t\t\t<\/div>\n\t\t\t\t<\/div>\n\t\t\t\t<div class=\"elementor-element elementor-element-b0e7f3d elementor-widget elementor-widget-text-editor\" data-id=\"b0e7f3d\" data-element_type=\"widget\" data-widget_type=\"text-editor.default\">\n\t\t\t\t<div class=\"elementor-widget-container\">\n\t\t\t\t\t\t\t\t\t<p>L&#039;\u00e9t\u00e9 am\u00e8ne le cyclisme en haute altitude en Castille-et-Le\u00f3n, et gr\u00e2ce \u00e0 l&#039;essor de la <strong>Club cycliste de Cadalsa<\/strong> et le soutien de la <strong>Gouvernement r\u00e9gional de Castille-et-Le\u00f3n<\/strong>Les routes de la province seront le th\u00e9\u00e2tre d&#039;un spectacle cycliste de haut niveau. La 39e \u00e9dition de la Classique cycliste internationale de Castille-et-Le\u00f3n se tiendra le 27 juillet. Elle proposera un parcours exigeant de 201 km au d\u00e9part de Laguna de Duero et mettra le peloton \u00e0 rude \u00e9preuve avec des c\u00f4tes et des mont\u00e9es embl\u00e9matiques avant de se terminer par une arriv\u00e9e explosive au ch\u00e2teau de Pe\u00f1afiel.<\/p><p>Le dimanche 27 juillet, les meilleurs professionnels, parmi lesquels certains des plus grands noms du World Tour, s&#039;affronteront dans l&#039;une des classiques les plus \u00e9tablies du calendrier, avec une retransmission t\u00e9l\u00e9vis\u00e9e en direct et le soutien institutionnel du Gouvernement R\u00e9gional pour stimuler le tourisme sportif dans la r\u00e9gion.<\/p>\t\t\t\t\t\t\t\t<\/div>\n\t\t\t\t<\/div>\n\t\t\t\t\t<\/div>\n\t\t<\/div>\n\t\t\t\t\t<\/div>\n\t\t<\/section>\n\t\t\t\t<section class=\"elementor-section elementor-top-section elementor-element elementor-element-c00bf50 elementor-section-content-middle elementor-section-boxed elementor-section-height-default elementor-section-height-default\" data-id=\"c00bf50\" data-element_type=\"section\" id=\"tv\">\n\t\t\t\t\t\t<div class=\"elementor-container elementor-column-gap-default\">\n\t\t\t\t\t<div class=\"elementor-column elementor-col-100 elementor-top-column elementor-element elementor-element-209943f\" data-fullscreen-column-settings=\"{&quot;fullscreen&quot;:&quot;&quot;}\" data-id=\"209943f\" data-element_type=\"column\">\n\t\t\t<div class=\"elementor-widget-wrap elementor-element-populated\">\n\t\t\t\t\t\t<div class=\"elementor-element elementor-element-b38775d elementor-align-center elementor-widget elementor-widget-litho-button\" data-id=\"b38775d\" data-element_type=\"widget\" data-widget_type=\"litho-button.default\">\n\t\t\t\t<div class=\"elementor-widget-container\">\n\t\t\t\t\t\t\t\t\t<div class=\"elementor-button-wrapper litho-button-wrapper\">\n\t\t\t\t\t<a class=\"elementor-button-link elementor-button elementor-size-xl\" href=\"https:\/\/vueltacyl.clubciclistacadalsa.es\/fr\/clasificaciones\/\" role=\"button\">\n\t\t\t\t\t\t\t\t\t<span class=\"elementor-button-content-wrapper\">\n\t\t\t\t\t\t\t\t\t\t\t\t\t<span class=\"elementor-button-text\">CLASSIFICATIONS COMPL\u00c8TES<\/span>\n\t\t\t\t\t\t\t<\/span>\n\t\t\t\t\t\t\t\t\t<span class=\"screen-reader-text\">Bouton<\/span>\n\t\t\t\t\t<\/a>\n\t\t\t\t<\/div>\n\t\t\t\t\t\t\t<\/div>\n\t\t\t\t<\/div>\n\t\t\t\t\t<\/div>\n\t\t<\/div>\n\t\t\t\t\t<\/div>\n\t\t<\/section>\n\t\t\t\t<section class=\"elementor-section elementor-top-section elementor-element elementor-element-70a483f elementor-section-content-middle elementor-section-boxed elementor-section-height-default elementor-section-height-default\" data-id=\"70a483f\" data-element_type=\"section\">\n\t\t\t\t\t\t<div class=\"elementor-container elementor-column-gap-default\">\n\t\t\t\t\t<div class=\"elementor-column elementor-col-100 elementor-top-column elementor-element elementor-element-6914362\" data-fullscreen-column-settings=\"{&quot;fullscreen&quot;:&quot;&quot;}\" data-id=\"6914362\" data-element_type=\"column\">\n\t\t\t<div class=\"elementor-widget-wrap elementor-element-populated\">\n\t\t\t\t\t\t<div class=\"elementor-element elementor-element-30a690f elementor-widget elementor-widget-litho-heading\" data-id=\"30a690f\" data-element_type=\"widget\" data-widget_type=\"litho-heading.default\">\n\t\t\t\t<div class=\"elementor-widget-container\">\n\t\t\t\t\t<h2 class=\"litho-heading elementor-size-default\"><span class=\"litho-primary-title\">\u00c0 partir de 14h30<\/span><\/h2>\t\t\t\t<\/div>\n\t\t\t\t<\/div>\n\t\t\t\t<div class=\"elementor-element elementor-element-3935b8f elementor-widget elementor-widget-litho-heading\" data-id=\"3935b8f\" data-element_type=\"widget\" data-widget_type=\"litho-heading.default\">\n\t\t\t\t<div class=\"elementor-widget-container\">\n\t\t\t\t\t<h2 class=\"litho-heading elementor-size-default\"><span class=\"litho-primary-title\">TV EN DIRECT<\/span><\/h2>\t\t\t\t<\/div>\n\t\t\t\t<\/div>\n\t\t\t\t<div class=\"elementor-element elementor-element-aee34b4 elementor-widget elementor-widget-video\" data-id=\"aee34b4\" data-element_type=\"widget\" data-settings=\"{&quot;youtube_url&quot;:&quot;https:\\\/\\\/www.youtube.com\\\/watch?v=NnGcKr9AeBI&amp;ab_channel=SPORTPUBLICTV&quot;,&quot;video_type&quot;:&quot;youtube&quot;,&quot;controls&quot;:&quot;yes&quot;}\" data-widget_type=\"video.default\">\n\t\t\t\t<div class=\"elementor-widget-container\">\n\t\t\t\t\t\t\t<div class=\"elementor-wrapper elementor-open-inline\">\n\t\t\t<div class=\"elementor-video\"><\/div>\t\t<\/div>\n\t\t\t\t\t\t<\/div>\n\t\t\t\t<\/div>\n\t\t\t\t\t<\/div>\n\t\t<\/div>\n\t\t\t\t\t<\/div>\n\t\t<\/section>\n\t\t\t\t<section class=\"elementor-section elementor-top-section elementor-element elementor-element-9f78872 elementor-section-boxed elementor-section-height-default elementor-section-height-default\" data-id=\"9f78872\" data-element_type=\"section\" id=\"noticias\">\n\t\t\t\t\t\t<div class=\"elementor-container elementor-column-gap-default\">\n\t\t\t\t\t<div class=\"elementor-column elementor-col-100 elementor-top-column elementor-element elementor-element-137bb2f\" data-fullscreen-column-settings=\"{&quot;fullscreen&quot;:&quot;&quot;}\" data-id=\"137bb2f\" data-element_type=\"column\">\n\t\t\t<div class=\"elementor-widget-wrap elementor-element-populated\">\n\t\t\t\t\t\t<div class=\"elementor-element elementor-element-bb0f30d elementor-widget elementor-widget-litho-heading\" data-id=\"bb0f30d\" data-element_type=\"widget\" data-widget_type=\"litho-heading.default\">\n\t\t\t\t<div class=\"elementor-widget-container\">\n\t\t\t\t\t<h2 class=\"litho-heading elementor-size-default\"><span class=\"litho-primary-title\">Derni\u00e8res nouvelles<\/span><\/h2>\t\t\t\t<\/div>\n\t\t\t\t<\/div>\n\t\t\t\t<div class=\"elementor-element elementor-element-5ffeeae elementor-widget elementor-widget-litho-heading\" data-id=\"5ffeeae\" data-element_type=\"widget\" data-widget_type=\"litho-heading.default\">\n\t\t\t\t<div class=\"elementor-widget-container\">\n\t\t\t\t\t<h2 class=\"litho-heading elementor-size-default\"><span class=\"litho-primary-title\">Pr\u00e9sent<\/span><\/h2>\t\t\t\t<\/div>\n\t\t\t\t<\/div>\n\t\t\t\t<div class=\"elementor-element elementor-element-e75da84 elementor-pagination-position-outside elementor-widget elementor-widget-litho-blog-post-slider\" data-id=\"e75da84\" data-element_type=\"widget\" data-settings=\"{&quot;litho_slides_to_show&quot;:&quot;2&quot;,&quot;litho_blog_style&quot;:&quot;blog-carousel-style-1&quot;,&quot;litho_navigation&quot;:&quot;both&quot;,&quot;litho_pause_on_hover&quot;:&quot;yes&quot;,&quot;litho_autoplay&quot;:&quot;yes&quot;,&quot;litho_autoplay_speed&quot;:5000,&quot;litho_infinite&quot;:&quot;yes&quot;,&quot;litho_effect&quot;:&quot;slide&quot;,&quot;litho_speed&quot;:500,&quot;litho_rtl&quot;:&quot;ltr&quot;}\" data-widget_type=\"litho-blog-post-slider.default\">\n\t\t\t\t<div class=\"elementor-widget-container\">\n\t\t\t\t\t\t\t\t\t\t<div class=\"blog-post-slider-wrapper swiper blog-carousel-style-1\" data-settings=\"{&quot;navigation&quot;:&quot;both&quot;,&quot;autoplay&quot;:&quot;yes&quot;,&quot;autoplay_speed&quot;:5000,&quot;pause_on_hover&quot;:&quot;yes&quot;,&quot;loop&quot;:&quot;yes&quot;,&quot;effect&quot;:&quot;slide&quot;,&quot;speed&quot;:500,&quot;image_spacing&quot;:{&quot;unit&quot;:&quot;px&quot;,&quot;size&quot;:30,&quot;sizes&quot;:[]},&quot;slides_to_show&quot;:&quot;2&quot;,&quot;slides_to_show_mobile&quot;:&quot;&quot;,&quot;slides_to_show_tablet&quot;:&quot;&quot;}\" dir=\"ltr\">\n\t\t\t\t\t\t<div class=\"blog-post-slider swiper-wrapper\">\n\t\t\t\t\t\t\t\t\t\t\t\t\t\t\t<div class=\"elementor-repeater-item-75725 swiper-slide blog-post cover-background\" style=\"background-image: url(https:\/\/vueltacyl.clubciclistacadalsa.es\/wp-content\/uploads\/2025\/11\/Haimar-Etxeberria-Clasica-Castilla-y-Leon-RedBull-Bora.jpg); background-repeat: no-repeat;\">\n\t\t\t\t\t\t\t\t\t\t\t\t\t\t\t\t\t\t\t<div class=\"slider-typography\">\n\t\t\t\t\t\t\t\t\t\t\t\t\t\t\t\t\t\t\t\t\t\t\t\t\t\t\t\t\t\t\t\t\t\t<span><a href=\"https:\/\/vueltacyl.clubciclistacadalsa.es\/fr\/2025\/haimar-etxeberria-ganador-de-la-clasica-castilla-y-leon-en-penafiel-ficha-por-el-redbull-bora-hansgrohe\/\" class=\"entry-title\">Haimar Etxeberr\u00eda, ganador de la Cl\u00e1sica Castilla y Le\u00f3n en Pe\u00f1afiel, ficha por el RedBull Bora Hansgrohe<\/a><\/span>\n\t\t\t\t\t\t\t\t\t\t\t\t\t\t\t\t\t\t\t\t\t<\/div>\n\t\t\t\t\t\t\t\t\t\t\t\t\t\t\t\t\t<\/div>\n\t\t\t\t\t\t\t\t\t\t\t\t\t\t\t\t<div class=\"elementor-repeater-item-75714 swiper-slide blog-post cover-background\" style=\"background-image: url(https:\/\/vueltacyl.clubciclistacadalsa.es\/wp-content\/uploads\/2025\/09\/laguna.jpg); background-repeat: no-repeat;\">\n\t\t\t\t\t\t\t\t\t\t\t\t\t\t\t\t\t\t\t<div class=\"slider-typography\">\n\t\t\t\t\t\t\t\t\t\t\t\t\t\t\t\t\t\t\t\t\t\t\t\t\t\t\t\t\t\t\t\t\t\t<span><a href=\"https:\/\/vueltacyl.clubciclistacadalsa.es\/fr\/2025\/laguna-de-duero-vibra-con-la-salida-de-la-39o-clasica-de-castilla-y-leon\/\" class=\"entry-title\">Laguna de Duero vibra con la salida de la 39\u00ba Cl\u00e1sica de Castilla y Le\u00f3n<\/a><\/span>\n\t\t\t\t\t\t\t\t\t\t\t\t\t\t\t\t\t\t\t\t\t<\/div>\n\t\t\t\t\t\t\t\t\t\t\t\t\t\t\t\t\t<\/div>\n\t\t\t\t\t\t\t\t\t\t\t\t\t\t\t\t<div class=\"elementor-repeater-item-75711 swiper-slide blog-post cover-background\" style=\"background-image: url(https:\/\/vueltacyl.clubciclistacadalsa.es\/wp-content\/uploads\/2025\/09\/ser.jpg); background-repeat: no-repeat;\">\n\t\t\t\t\t\t\t\t\t\t\t\t\t\t\t\t\t\t\t<div class=\"slider-typography\">\n\t\t\t\t\t\t\t\t\t\t\t\t\t\t\t\t\t\t\t\t\t\t\t\t\t\t\t\t\t\t\t\t\t\t<span><a href=\"https:\/\/vueltacyl.clubciclistacadalsa.es\/fr\/2025\/haimar-etxeberria-se-corona-en-penafiel\/\" class=\"entry-title\">Haimar Etxeberr\u00eda se corona en Pe\u00f1afiel<\/a><\/span>\n\t\t\t\t\t\t\t\t\t\t\t\t\t\t\t\t\t\t\t\t\t<\/div>\n\t\t\t\t\t\t\t\t\t\t\t\t\t\t\t\t\t<\/div>\n\t\t\t\t\t\t\t\t\t\t\t\t\t\t<\/div>\n\t\t\t\t\t\t\t\t\t\t\t\t\t\t\t\t\t\t\t\t\t<div class=\"swiper-pagination\"><\/div>\n\t\t\t\t\t\t\t\t\t\t\t\t\t\t\t\t\t\t\t\t\t\t<div class=\"elementor-swiper-button elementor-swiper-button-prev\">\n\t\t\t\t\t\t\t\t\t<i aria-hidden=\"true\" class=\"fas fa-chevron-left\"><\/i>\t\t\t\t\t\t\t\t\t<span class=\"elementor-screen-only\">Pr\u00e9c\u00e9dent<\/span>\n\t\t\t\t\t\t\t\t<\/div>\n\t\t\t\t\t\t\t\t<div class=\"elementor-swiper-button elementor-swiper-button-next\">\n\t\t\t\t\t\t\t\t\t<i aria-hidden=\"true\" class=\"fas fa-chevron-right\"><\/i>\t\t\t\t\t\t\t\t\t<span class=\"elementor-screen-only\">Suivant<\/span>\n\t\t\t\t\t\t\t\t<\/div>\n\t\t\t\t\t\t\t\t\t\t\t\t\t\t\t\t\t\t<\/div>\n\t\t\t\t\t\t\t\t<\/div>\n\t\t\t\t<\/div>\n\t\t\t\t<div class=\"elementor-element elementor-element-f18fd05 elementor-align-center elementor-widget elementor-widget-litho-button\" data-id=\"f18fd05\" data-element_type=\"widget\" data-widget_type=\"litho-button.default\">\n\t\t\t\t<div class=\"elementor-widget-container\">\n\t\t\t\t\t\t\t\t\t<div class=\"elementor-button-wrapper litho-button-wrapper\">\n\t\t\t\t\t<a class=\"elementor-button-link elementor-button elementor-size-xs\" href=\"https:\/\/vueltacyl.clubciclistacadalsa.es\/fr\/noticias\/\" role=\"button\">\n\t\t\t\t\t\t\t\t\t<span class=\"elementor-button-content-wrapper\">\n\t\t\t\t\t\t\t\t\t\t\t\t\t<span class=\"elementor-button-text\">VOIR PLUS<\/span>\n\t\t\t\t\t\t\t<\/span>\n\t\t\t\t\t\t\t\t\t<span class=\"screen-reader-text\">Bouton<\/span>\n\t\t\t\t\t<\/a>\n\t\t\t\t<\/div>\n\t\t\t\t\t\t\t<\/div>\n\t\t\t\t<\/div>\n\t\t\t\t\t<\/div>\n\t\t<\/div>\n\t\t\t\t\t<\/div>\n\t\t<\/section>\n\t\t\t\t<section class=\"elementor-section elementor-top-section elementor-element elementor-element-f63755d elementor-section-boxed elementor-section-height-default elementor-section-height-default\" data-id=\"f63755d\" data-element_type=\"section\" id=\"recorrido\">\n\t\t\t\t\t\t<div class=\"elementor-container elementor-column-gap-default\">\n\t\t\t\t\t<div class=\"elementor-column elementor-col-100 elementor-top-column elementor-element elementor-element-113c673\" data-fullscreen-column-settings=\"{&quot;fullscreen&quot;:&quot;&quot;}\" data-id=\"113c673\" data-element_type=\"column\">\n\t\t\t<div class=\"elementor-widget-wrap elementor-element-populated\">\n\t\t\t\t\t\t<div class=\"elementor-element elementor-element-0d03b24 elementor-widget elementor-widget-litho-heading\" data-id=\"0d03b24\" data-element_type=\"widget\" data-widget_type=\"litho-heading.default\">\n\t\t\t\t<div class=\"elementor-widget-container\">\n\t\t\t\t\t<h2 class=\"litho-heading elementor-size-default\"><span class=\"litho-primary-title\">La tourn\u00e9e<\/span><\/h2>\t\t\t\t<\/div>\n\t\t\t\t<\/div>\n\t\t\t\t<div class=\"elementor-element elementor-element-f76598d elementor-widget elementor-widget-litho-heading\" data-id=\"f76598d\" data-element_type=\"widget\" data-widget_type=\"litho-heading.default\">\n\t\t\t\t<div class=\"elementor-widget-container\">\n\t\t\t\t\t<h2 class=\"litho-heading elementor-size-default\"><span class=\"litho-primary-title\">Lagune du Duero - Ch\u00e2teau de Pe\u00f1afiel<\/span><\/h2>\t\t\t\t<\/div>\n\t\t\t\t<\/div>\n\t\t\t\t<div class=\"elementor-element elementor-element-0275ae3 elementor-default-active-yes elementor-widget elementor-widget-litho-accordion\" data-id=\"0275ae3\" data-element_type=\"widget\" data-settings=\"{&quot;litho_accordion_style&quot;:&quot;accordion-style-1&quot;}\" data-widget_type=\"litho-accordion.default\">\n\t\t\t\t<div class=\"elementor-widget-container\">\n\t\t\t\t\t<div class=\"elementor-accordion accordion-style-1\" role=\"tablist\"><div class=\"elementor-accordion-item\">\n\t\t\t\t\t\t\t<div id=\"elementor-accordion-title-25791711\" class=\"elementor-tab-title\" data-tab=\"1\" role=\"tab\" aria-controls=\"elementor-accordion-content-25791711\" aria-expanded=\"false\">\t\t\t\t\t\t\t\t\t\t\t\t\t\t\t\t\t<span class=\"elementor-accordion-icon elementor-accordion-icon-right\" aria-hidden=\"true\">\t\t\t\t\t\t\t\t\t\t<span class=\"elementor-accordion-icon-closed\"><i class=\"fa-solid fa-plus\"><\/i><\/span>\n\t\t\t\t\t\t\t\t\t\t\t\t\t\t\t\t\t\t\t\t<span class=\"elementor-accordion-icon-opened\"><i class=\"fa-solid fa-minus\"><\/i><\/span>\n\t\t\t\t\t\t\t\t\t\t\t\t\t\t\t\t\t\t\t<\/span>\n\t\t\t\t\t\t\t\t\t<a href=\"#\">PROFIL<\/a><\/div><div id=\"elementor-accordion-content-25791711\" class=\"elementor-tab-content elementor-clearfix\" data-tab=\"1\" role=\"tabpanel\" aria-labelledby=\"elementor-accordion-title-25791711\">\n\t\t\t\t\t\t\t\t<div class=\"panel-tab-content\"><p><img decoding=\"async\" class=\"size-full wp-image-75489 aligncenter\" src=\"https:\/\/vueltacyl.clubciclistacadalsa.es\/wp-content\/uploads\/2025\/07\/perfil-cyl.jpg\" alt=\"\" width=\"996\" height=\"398\" srcset=\"https:\/\/vueltacyl.clubciclistacadalsa.es\/wp-content\/uploads\/2025\/07\/perfil-cyl.jpg 996w, https:\/\/vueltacyl.clubciclistacadalsa.es\/wp-content\/uploads\/2025\/07\/perfil-cyl-300x120.jpg 300w, https:\/\/vueltacyl.clubciclistacadalsa.es\/wp-content\/uploads\/2025\/07\/perfil-cyl-768x307.jpg 768w, https:\/\/vueltacyl.clubciclistacadalsa.es\/wp-content\/uploads\/2025\/07\/perfil-cyl-200x80.jpg 200w\" sizes=\"(max-width: 996px) 100vw, 996px\" \/><\/p><p style=\"text-align: center;\"><a href=\"https:\/\/vueltacyl.clubciclistacadalsa.es\/fr\/2025\/clasica-castilla-leon-200-kilometros-provincias-de-valladolid-segovia\/\">Plus d&#039;informations<\/a><\/p><\/div>\n\t\t\t\t\t\t\t<\/div><\/div><div class=\"elementor-accordion-item\">\n\t\t\t\t\t\t\t<div id=\"elementor-accordion-title-25791712\" class=\"elementor-tab-title\" data-tab=\"2\" role=\"tab\" aria-controls=\"elementor-accordion-content-25791712\" aria-expanded=\"false\">\t\t\t\t\t\t\t\t\t\t\t\t\t\t\t\t\t<span class=\"elementor-accordion-icon elementor-accordion-icon-right\" aria-hidden=\"true\">\t\t\t\t\t\t\t\t\t\t<span class=\"elementor-accordion-icon-closed\"><i class=\"fa-solid fa-plus\"><\/i><\/span>\n\t\t\t\t\t\t\t\t\t\t\t\t\t\t\t\t\t\t\t\t<span class=\"elementor-accordion-icon-opened\"><i class=\"fa-solid fa-minus\"><\/i><\/span>\n\t\t\t\t\t\t\t\t\t\t\t\t\t\t\t\t\t\t\t<\/span>\n\t\t\t\t\t\t\t\t\t<a href=\"#\">COMPTEUR ROUTIER<\/a><\/div><div id=\"elementor-accordion-content-25791712\" class=\"elementor-tab-content elementor-clearfix\" data-tab=\"2\" role=\"tabpanel\" aria-labelledby=\"elementor-accordion-title-25791712\">\n\t\t\t\t\t\t\t\t<div class=\"panel-tab-content\"><p><a href=\"https:\/\/vueltacyl.clubciclistacadalsa.es\/wp-content\/uploads\/2025\/07\/Rutometro-Clasica-CyL-2025.pdf\" class=\"pdfemb-viewer\" style=\"\" data-width=\"max\" data-height=\"max\" data-toolbar=\"bottom\" data-toolbar-fixed=\"off\">Feuille de route du Classic CyL 2025<\/a><\/p><p><a href=\"https:\/\/vueltacyl.clubciclistacadalsa.es\/wp-content\/uploads\/2025\/07\/Rutometro-Clasica-CyL-2025.pdf\">D\u00e9charge<\/a><\/p><\/div>\n\t\t\t\t\t\t\t<\/div><\/div><\/div>\t\t\t\t<\/div>\n\t\t\t\t<\/div>\n\t\t\t\t\t<\/div>\n\t\t<\/div>\n\t\t\t\t\t<\/div>\n\t\t<\/section>\n\t\t\t\t<section class=\"elementor-section elementor-top-section elementor-element elementor-element-022ebe2 elementor-section-boxed elementor-section-height-default elementor-section-height-default\" data-id=\"022ebe2\" data-element_type=\"section\" id=\"equipos\">\n\t\t\t\t\t\t<div class=\"elementor-container elementor-column-gap-default\">\n\t\t\t\t\t<div class=\"elementor-column elementor-col-100 elementor-top-column elementor-element elementor-element-9178f4f\" data-fullscreen-column-settings=\"{&quot;fullscreen&quot;:&quot;&quot;}\" data-id=\"9178f4f\" data-element_type=\"column\">\n\t\t\t<div class=\"elementor-widget-wrap elementor-element-populated\">\n\t\t\t\t\t\t<div class=\"elementor-element elementor-element-10572f0 elementor-widget elementor-widget-litho-heading\" data-id=\"10572f0\" data-element_type=\"widget\" data-widget_type=\"litho-heading.default\">\n\t\t\t\t<div class=\"elementor-widget-container\">\n\t\t\t\t\t<h2 class=\"litho-heading elementor-size-default\"><span class=\"litho-primary-title\">Miser<\/span><\/h2>\t\t\t\t<\/div>\n\t\t\t\t<\/div>\n\t\t\t\t<div class=\"elementor-element elementor-element-58f039b elementor-widget elementor-widget-litho-heading\" data-id=\"58f039b\" data-element_type=\"widget\" data-widget_type=\"litho-heading.default\">\n\t\t\t\t<div class=\"elementor-widget-container\">\n\t\t\t\t\t<h2 class=\"litho-heading elementor-size-default\"><span class=\"litho-primary-title\">LES \u00c9QUIPES<\/span><\/h2>\t\t\t\t<\/div>\n\t\t\t\t<\/div>\n\t\t\t\t<div class=\"elementor-element elementor-element-83b8bad elementor-widget elementor-widget-image\" data-id=\"83b8bad\" data-element_type=\"widget\" data-widget_type=\"image.default\">\n\t\t\t\t<div class=\"elementor-widget-container\">\n\t\t\t\t\t\t\t\t\t\t\t\t\t\t\t<img loading=\"lazy\" decoding=\"async\" width=\"457\" height=\"1024\" src=\"https:\/\/vueltacyl.clubciclistacadalsa.es\/wp-content\/uploads\/2025\/07\/equipos-cyl-ok-457x1024.jpg\" class=\"attachment-large size-large wp-image-75631\" alt=\"Revista Clasica Cyl 2025 - V3\" srcset=\"https:\/\/vueltacyl.clubciclistacadalsa.es\/wp-content\/uploads\/2025\/07\/equipos-cyl-ok-457x1024.jpg 457w, https:\/\/vueltacyl.clubciclistacadalsa.es\/wp-content\/uploads\/2025\/07\/equipos-cyl-ok-134x300.jpg 134w, https:\/\/vueltacyl.clubciclistacadalsa.es\/wp-content\/uploads\/2025\/07\/equipos-cyl-ok-5x12.jpg 5w, https:\/\/vueltacyl.clubciclistacadalsa.es\/wp-content\/uploads\/2025\/07\/equipos-cyl-ok-200x449.jpg 200w, https:\/\/vueltacyl.clubciclistacadalsa.es\/wp-content\/uploads\/2025\/07\/equipos-cyl-ok.jpg 618w\" sizes=\"(max-width: 457px) 100vw, 457px\" \/>\t\t\t\t\t\t\t\t\t\t\t\t\t\t\t<\/div>\n\t\t\t\t<\/div>\n\t\t\t\t<div class=\"elementor-element elementor-element-4f3c5b6 elementor-align-center elementor-widget elementor-widget-litho-button\" data-id=\"4f3c5b6\" data-element_type=\"widget\" data-widget_type=\"litho-button.default\">\n\t\t\t\t<div class=\"elementor-widget-container\">\n\t\t\t\t\t\t\t\t\t<div class=\"elementor-button-wrapper litho-button-wrapper\">\n\t\t\t\t\t<a class=\"elementor-button-link elementor-button elementor-size-xs\" href=\"https:\/\/vueltacyl.clubciclistacadalsa.es\/fr\/participacion\/\" role=\"button\">\n\t\t\t\t\t\t\t\t\t<span class=\"elementor-button-content-wrapper\">\n\t\t\t\t\t\t\t\t\t\t\t\t\t<span class=\"elementor-button-text\">PARTICIPATION COMPL\u00c8TE<\/span>\n\t\t\t\t\t\t\t<\/span>\n\t\t\t\t\t\t\t\t\t<span class=\"screen-reader-text\">Bouton<\/span>\n\t\t\t\t\t<\/a>\n\t\t\t\t<\/div>\n\t\t\t\t\t\t\t<\/div>\n\t\t\t\t<\/div>\n\t\t\t\t\t<\/div>\n\t\t<\/div>\n\t\t\t\t\t<\/div>\n\t\t<\/section>\n\t\t\t\t<\/div>","protected":false},"excerpt":{"rendered":"<p>Classique cycliste de Castille-et-Le\u00f3n. L&#039;\u00e9t\u00e9 apporte le cyclisme en haute altitude en Castille-et-Le\u00f3n. Gr\u00e2ce aux efforts du Club cycliste Cadalsa et au soutien du Gouvernement r\u00e9gional de Castille-et-Le\u00f3n, les routes de la province seront le th\u00e9\u00e2tre d&#039;un spectacle cycliste de haut niveau. La Classique cycliste internationale de Castille-et-Le\u00f3n, qui en est \u00e0 sa 39e \u00e9dition [\u2026]<\/p>","protected":false},"author":1,"featured_media":0,"parent":0,"menu_order":0,"comment_status":"closed","ping_status":"closed","template":"","meta":{"footnotes":""},"class_list":["post-75473","page","type-page","status-publish","hentry"],"_links":{"self":[{"href":"https:\/\/vueltacyl.clubciclistacadalsa.es\/fr\/wp-json\/wp\/v2\/pages\/75473","targetHints":{"allow":["GET"]}}],"collection":[{"href":"https:\/\/vueltacyl.clubciclistacadalsa.es\/fr\/wp-json\/wp\/v2\/pages"}],"about":[{"href":"https:\/\/vueltacyl.clubciclistacadalsa.es\/fr\/wp-json\/wp\/v2\/types\/page"}],"author":[{"embeddable":true,"href":"https:\/\/vueltacyl.clubciclistacadalsa.es\/fr\/wp-json\/wp\/v2\/users\/1"}],"replies":[{"embeddable":true,"href":"https:\/\/vueltacyl.clubciclistacadalsa.es\/fr\/wp-json\/wp\/v2\/comments?post=75473"}],"version-history":[{"count":67,"href":"https:\/\/vueltacyl.clubciclistacadalsa.es\/fr\/wp-json\/wp\/v2\/pages\/75473\/revisions"}],"predecessor-version":[{"id":75720,"href":"https:\/\/vueltacyl.clubciclistacadalsa.es\/fr\/wp-json\/wp\/v2\/pages\/75473\/revisions\/75720"}],"wp:attachment":[{"href":"https:\/\/vueltacyl.clubciclistacadalsa.es\/fr\/wp-json\/wp\/v2\/media?parent=75473"}],"curies":[{"name":"wp","href":"https:\/\/api.w.org\/{rel}","templated":true}]}}